{"id":51613,"date":"2022-03-16T15:13:57","date_gmt":"2022-03-16T15:13:57","guid":{"rendered":"https:\/\/ch-com.com\/home\/?page_id=51613"},"modified":"2024-12-03T10:48:06","modified_gmt":"2024-12-03T10:48:06","slug":"impressum","status":"publish","type":"page","link":"https:\/\/ch-com.com\/home\/impressum\/","title":{"rendered":"IMPRESSUM"},"content":{"rendered":"<p>[et_pb_section fb_built=&#8220;1&#8243; _builder_version=&#8220;4.16&#8243; _module_preset=&#8220;default&#8220; global_colors_info=&#8220;{}&#8220;][et_pb_row _builder_version=&#8220;4.16&#8243; _module_preset=&#8220;default&#8220; custom_margin=&#8220;||30px||false|false&#8220; global_colors_info=&#8220;{}&#8220;][et_pb_column type=&#8220;4_4&#8243; _builder_version=&#8220;4.16&#8243; _module_preset=&#8220;default&#8220; global_colors_info=&#8220;{}&#8220;][et_pb_image src=&#8220;https:\/\/ch-com.com\/wp-content\/uploads\/2022\/03\/Logo.jpg&#8220; title_text=&#8220;Logo&#8220; url=&#8220;https:\/\/ch-com.com\/home&#8220; align=&#8220;center&#8220; _builder_version=&#8220;4.16&#8243; _module_preset=&#8220;default&#8220; width=&#8220;16%&#8220; width_tablet=&#8220;&#8220; width_phone=&#8220;77%&#8220; width_last_edited=&#8220;on|phone&#8220; module_alignment=&#8220;center&#8220; global_colors_info=&#8220;{}&#8220;][\/et_pb_image][et_pb_text content_tablet=&#8220;&#8220; content_phone=&#8220;<\/p>\n<h5 class=%22main_title%22>Impressum<\/h5>\n<p><strong style=%22font-size: 16px; font-family: Poppins, Helvetica, Arial, Lucida, sans-serif;%22>Medieninhaber, Herausgeber und Redaktion<br \/> <\/strong><span style=%22font-size: 16px; font-family: Poppins, Helvetica, Arial, Lucida, sans-serif;%22>CH COMMUNICATIONS GmbH<\/span><\/p>\n<p>Graben 12<br \/> 1010 Wien, \u00d6sterreich<\/p>\n<p><span class=%22Apple-style-span%22>Tel.: +43-(0)664-5200344<br \/> Email: <a href=%22mailto:office@ch-com.com %22 style=%22color: black;%22>office@ch-com.com<\/a><\/span><\/p>\n<p><span class=%22Apple-style-span%22><a href=%22https:\/\/ch-com.com\/home\/agb\/%22 data-et-target-link=%22_blank%22 rel=%22noopener%22 style=%22color: black;%22> Allgemeine Gesch\u00e4ftsbedingungen ansehen<\/a><\/span><\/p>\n<p><span><span class=%22Apple-style-span%22><strong>Firmenbuchnummer:<\/strong> FN 330181 k<br \/> <strong>Firmenbuchgericht<\/strong>: Landesgericht Wien<br \/> <strong>Ust.-ID-Nr.:<\/strong> ATU 65193444<br \/> <strong>Beh\u00f6rde gem. ECG:<\/strong> \u00d6rtlich zust\u00e4ndige Gewerbebeh\u00f6rde (Stadt Wien)<br \/> <strong>Kammer:<\/strong> Wirtschaftskammer Wien, FG Werbung und Marktkommunikation,<\/span><span class=%22Apple-style-span%22> <\/span><span class=%22Apple-style-span%22>FG Buch- und Medienwirtschaft<\/span><\/span><br \/> <span class=%22Apple-style-span%22><strong>Anwendbare Vorschriften:<\/strong> \u00d6sterr. Gewerbeordnung (GewO)<br \/> <strong>Gesch\u00e4ftsf\u00fchrer:<\/strong> Mag. Christian H\u00f6lzl, Annabell H\u00f6lzl<\/span><\/p>\n<p><span class=%22Apple-style-span%22> <\/span><span class=%22Apple-style-span%22><strong>Bankverbindung:<\/strong> VOLKSBANK SALZBURG<br \/> <strong>BIC:<\/strong> VBOEATWWSAL<br \/> <strong>IBAN:<\/strong> AT 92 4501 0031 00019136<\/span><\/p>\n<p><span class=%22Apple-style-span%22>OFFENLEGUNG gem. \u00a7 25 Mediengesetz<\/span><\/p>\n<p><span><strong><span class=%22Apple-style-span%22>Medieninhaber:<\/span><\/strong><\/span><\/p>\n<p><span class=%22Apple-style-span%22>CH COMMUNICATIONS GmbH<\/span><\/p>\n<p><span class=%22Apple-style-span%22>Graben 12<br \/> 1010 Wien, \u00d6sterreich<\/span><\/p>\n<p><span class=%22Apple-style-span%22><span class=%22color_15%22><strong> <\/strong><\/span><strong> <\/strong><\/span><span class=%22Apple-style-span%22><strong>Unternehmensgegenstand:<\/strong><br \/> Kommunikations- und Werbedienstleistungen, Corporate Publishing, <\/span><\/p>\n<p><span><span class=%22Apple-style-span%22>Buchverlag, H<\/span><span class=%22Apple-style-span%22>erausgabe von Magazinen.<\/span><\/span><\/p>\n<p><span> <\/span><span class=%22Apple-style-span%22><strong>Grundlegende Richtung:<\/strong><br \/> Die Webseite <a href=%22http:\/\/www.ch-com.com\/%22>www.ch-com.com<\/a> ist ein Internet-Portal zur Pr\u00e4sentation des<br \/> Medieninhabers sowie zur Information \u00fcber seinen T\u00e4tigkeitsbereich.<\/span><\/p>\n<p><span class=%22Apple-style-span%22><\/span><\/p>\n<p><span class=%22Apple-style-span%22><\/span><\/p>\n<h2><\/h2>\n<h2><\/h2>\n<h5>Datenschutz\u00aderkl\u00e4rung<\/h5>\n<p><span><strong><span class=%22s1%22><\/span><\/strong><\/span><\/p>\n<p><span><strong><span class=%22s1%22><\/span><\/strong><\/span><\/p>\n<p><span class=%22s1%22>Mit der Nutzung dieser Website erkl\u00e4ren Sie sich mit der Nutzung Ihrer Daten wie in dieser Datenschutzerkl\u00e4rung beschrieben einverstanden:<\/span><\/p>\n<p><span class=%22s1%22><strong>\u00dcberlassene Informationen<\/strong><br \/> Ohne Ihre Zustimmung speichert die Webseite von CH-Communications Gmbh  keine personenbezogenen Daten. Diese k\u00f6nnen Sie uns jedoch freiwillig f\u00fcr bestimmte Zwecke in den daf\u00fcr ausgewiesenen Bereichen der Webseite hinterlassen (wie etwa Ihren Namen, Ihre E-Mail-Adresse, Ihre Telefonnummer im Rahmen einer Kontaktaufnahme). Wir speichern Ihre Daten in unserem CRM insbesondere, um den Beratungsprozess \u00fcber den Wirtschaftsstandort aktiv gestalten und Ihnen erg\u00e4nzende Informationen \u00fcbersenden zu k\u00f6nnen, aber auch um Ihnen k\u00fcnftig Einladungen zu unseren Veranstaltungen in Ihrem Heimatland zukommen zu lassen.<\/span><\/p>\n<p><span class=%22s1%22>Sie k\u00f6nnen die Zustimmung zu dieser Datenspeicherung jederzeit widerrufen.<\/span><\/p>\n<p><span class=%22s1%22>Wir k\u00f6nnen auch Inhalte, die Sie zur Verf\u00fcgung stellen, speichern und pflegen \u2013 einschlie\u00dflich, aber nicht beschr\u00e4nkt auf Postings in Blogs und Social-Media-Anwendungen, die wir bereitstellen.<\/span><\/p>\n<p><span class=%22s1%22>Wir werden Sie nicht nach sogenannten sensiblen Daten (das sind Daten \u00fcber rassische und ethnische Herkunft, politische Meinungen, religi\u00f6se oder philosophische \u00dcberzeugungen, Gewerkschaftszugeh\u00f6rigkeit, Gesundheit oder Sexualleben) fragen.<\/span><\/p>\n<p><span class=%22s1%22><strong>Datenschutz | Bewerbungen <\/strong><br \/> Sie stimmen zu, dass wir Ihre pers\u00f6nlichen Daten und Bewerbungsunterlagen, die Sie uns zur Verf\u00fcgung gestellt haben, in eine Bewerber-Datenbank aufnehmen und verarbeiten, um Sie bei Stellenbesetzungsverfahren wieder aufzufinden und ansprechen zu k\u00f6nnen, falls Sie aufgrund der von Ihnen angegebenen Daten als potenzielle\/r Kandidat\/in in Betracht kommen.<\/span><\/p>\n<p><span class=%22s1%22>Sie k\u00f6nnen diese Zustimmung jederzeit widerrufen. Wir behalten uns vor, Teile oder s\u00e4mtliche Ihrer Daten jederzeit ohne R\u00fccksprache und ohne Angabe von Gr\u00fcnden zu l\u00f6schen. Wir sind nicht verpflichtet, Ihre Daten im Rahmen eines Such- und Auswahlprozesses zu ber\u00fccksichtigen und Sie haben keinen Rechtsanspruch auf Nutzung Ihrer Daten durch uns. Eine Haftung unsererseits gegen\u00fcber Ihnen ist ausgeschlossen, soweit gesetzlich zul\u00e4ssig.<\/span><\/p>\n<p><span class=%22s1%22>\u00dcber Ihr Ersuchen werden wir \u2013 nach Ma\u00dfgabe gesetzlicher Bestimmungen (\u00a7\u00a7 26, 27 DSG 2000) \u2013 Auskunft \u00fcber die zu Ihrer Person verarbeiteten Daten erteilen und unrichtige Daten richtigstellen oder l\u00f6schen.<\/span><\/p>\n<p><span class=%22s1%22><strong>Cookies und Web Beacons<\/strong><br \/> Die Website sammelt standardm\u00e4\u00dfig Internetprotokolldaten einschlie\u00dflich Ihrer IP Adresse, Browser Auswahl und Sprache, Datum und Zeit Ihres Besuchs sowie die Website, von der Sie auf unsere Website gelangt sind. Um unsere Website effizient zu verwalten und die Navigation zu verbessern, k\u00f6nnen wir oder unser\/e Service-Provider Cookies (kleine Textdateien, die im Browser des Nutzers abgespeichert werden) oder Web-Beacons (elektronische Bilder, die es der Website erm\u00f6glichen, die Besucher bestimmter Seiten zu z\u00e4hlen und auf bestimmte Cookies zuzugreifen) verwenden, um aggregierte Nutzungsdaten zu erheben.<\/span><\/p>\n<p><span class=%22s1%22><strong>Verwendung der Daten<\/strong><br \/> Zum aktuellen Zeitpunkt k\u00f6nnen Sie mittels Kontaktformular Daten an die Website \u00fcbermitteln, um bspw. einen Beratungstermin zu vereinbaren, Informationen anzufordern oder herunterzuladen  oder unseren Newsletter zu bestellen. In solchen F\u00e4llen werden die Informationen, die Sie angeben, genutzt, um Ihre Anfrage zu verwalten.<\/span><\/p>\n<p><span class=%22s1%22>Sie stimmen zu, dass wir Ihre pers\u00f6nlichen Daten, die Sie \u00fcber die Website bekannt gegeben haben (insb. Name, E-Mail Adresse) und soweit angekreuzt laut DSGVO auch f\u00fcr Marketingzwecke verwenden k\u00f6nnen und Ihnen weitere Informationen oder Einladungen zu Veranstaltungen zuzusenden.<\/span><\/p>\n<p><span class=%22s1%22>Wenn Sie keine weiteren Informationen oder Einladungen erhalten m\u00f6chten, k\u00f6nnen Sie jederzeit Ihre Zustimmung widerrufen.<\/span><\/p>\n<p><strong>Auftragsverarbeiter, Empf\u00e4nger<\/strong><\/p>\n<p>Ihre personenbezogenen Daten werden mit der Unterst\u00fctzung von Auftragsverarbeitern verarbeitet, die uns bei der Bereitstellung der Dienste unterst\u00fctzen (z.B. Webhoster). Diese Auftragsverarbeiter sind zum strengen Schutz Ihrer personenbezogenen Daten verpflichtet und d\u00fcrfen Ihre personenbezogenen Daten zu keinem anderen Zweck als zur Bereitstellung unserer Dienste verarbeiten. Eine Weitergabe Ihrer personenbezogenen Daten erfolgt nur an wirtschaftstypische Dienstleister wie z.B. Banken (im Fall von \u00dcberweisungen an Sie), Versanddienstleister (im Fall der Versendung an Sie), etc.<\/p>\n<p><span class=%22s1%22><strong>Blogs und Social Media Anwendungen<\/strong><br \/> Die Website verwendet verschiedene Blogs und Social Media Anwendungen oder Dienste, die Ihnen das Teilen von Inhalten mit anderen Nutzern erlaubt. Alle pers\u00f6nlichen Informationen oder andere Informationen, die Sie zu Social Media Anwendungen beitragen, k\u00f6nnen gelesen, gesammelt und von anderen Nutzern dieser Social Media-Anwendung genutzt werden, \u00fcber die wir wenig oder keine Kontrolle haben. Daher sind wir nicht verantwortlich f\u00fcr Missbrauch oder die Zweckentfremdung von pers\u00f6nlichen Informationen oder sonstigen Informationen durch einen anderen Benutzer, die Sie zu einer Social Media-Anwendung beitragen.<\/span><\/p>\n<p><span class=%22s1%22>Recht auf Auskunft, Berichtigung und L\u00f6schung der Daten<br \/> Wenn Sie Auskunft \u00fcber Sie betreffende personenbezogene Daten verlangen m\u00f6chten, diese berichtigen oder l\u00f6schen lassen m\u00f6chten oder sich von unseren Aussendungen abmelden m\u00f6chten, nutzen Sie bitte unser Kontaktformular oder senden Sie eine Email an <\/span><span class=%22s1%22><a href=%22mailto:office@ch-com.com%22>office@ch-com.com<\/a><\/span><span class=%22s1%22> .<\/span><\/p>\n<p><span class=%22s1%22><strong>Datensicherheit<\/strong><br \/> Wir verwenden zur Sicherung eingegebener Besucherdaten technologisch allgemein anerkannte Sicherheitsstandards, um Besucherdaten auf der Webseite vor Missbrauch, Verlust und Verf\u00e4lschung zu sch\u00fctzen.<\/span><\/p>\n<p><span class=%22s1%22>\u00c4nderung dieser Erkl\u00e4rung zum Schutz der Privat- und Pers\u00f6nlichkeitssph\u00e4re<br \/> Wir k\u00f6nnen diese Datenschutzerkl\u00e4rung von Zeit zu Zeit nach eigenem Ermessen \u00e4ndern oder erg\u00e4nzen. Wenn wir \u00c4nderungen an dieser Datenschutzerkl\u00e4rung vornehmen, werden wir das Datum der \u00dcberarbeitung oben auf der Seite angeben. Die erg\u00e4nzte oder ge\u00e4nderte Datenschutzerkl\u00e4rung ist f\u00fcr Sie und Ihre Informationen ab diesem Datum wirksam. Wir empfehlen Ihnen, diese Datenschutzerkl\u00e4rung regelm\u00e4\u00dfig zu \u00fcberpr\u00fcfen, damit Sie dar\u00fcber informiert sind, wie wir Ihre Informationen sch\u00fctzen.<\/span><\/p>\n<p><span class=%22s1%22>Fragen zum Schutz der Privat- und Pers\u00f6nlichkeitssph\u00e4re<br \/> Wenn Sie Fragen, Anregungen oder Bedenken bez\u00fcglich des Datenschutzes bei der Nutzung dieser Website haben, k\u00f6nnen Sie diese gerne \u00fcber unser Kontaktformular oder per E-Mail an <a href=%22mailto:office@aba.gv.at%22><span class=%22s2%22>office@com.com<\/span><\/a> an uns richten. <\/span><\/p>\n<p><span class=%22s1%22> <\/span><span><strong><span class=%22s1%22>MailChimp Newsletterservice<br \/> <\/span><\/strong><\/span><span class=%22s1%22>Diese Seite nutzt das Newsletter-Service <a href=%22http:\/\/mailchimp.com\/legal\/%22><span class=%22s2%22>MailChimp<\/span><\/a> der Firma Rocket Science Group, LLC. Wenn Sie sich f\u00fcr den Newsletter registrieren, werden die von Ihnen eingegebenen Daten (E-Mail-Adresse) und Ihre IP-Adresse auf den Servern der Firma in den USA gespeichert.<\/span><\/p>\n<p><span class=%22s1%22>Eine Weitergabe von personenbezogenen Daten an Dritte f\u00fcr Zwecke von Werbung, Markt- oder Meinungsforschung findet nicht statt.<\/span><\/p>\n<p><span class=%22s1%22> <\/span><span><strong><span class=%22s1%22>Google Analytics<br \/> <\/span><\/strong><\/span><span class=%22s1%22>Diese Website benutzt Google Analytics, einen Webanalysedienst der Google Inc. (\u201eGoogle\u201c). Google Analytics verwendet sog. \u201eCookies\u201c, Textdateien, die auf Ihrem Computer gespeichert werden und die eine Analyse der Benutzung der Website durch Sie erm\u00f6glichen. Die durch das Cookie erzeugten Informationen \u00fcber Ihre Benutzung dieser Website (einschlie\u00dflich der anonymisierten IP-Adresse) wird an einen Server von Google in den USA \u00fcbertragen und dort gespeichert. Google wird diese Informationen benutzen, um Ihre Nutzung der Website auszuwerten, um Reports \u00fcber die Websiteaktivit\u00e4ten f\u00fcr die Websitebetreiber zusammenzustellen und um weitere mit der Websitenutzung und der Internetnutzung verbundene Dienstleistungen zu erbringen. Auch wird Google diese Informationen gegebenenfalls an Dritte \u00fcbertragen, sofern dies gesetzlich vorgeschrieben oder soweit Dritte diese Daten im Auftrag von Google verarbeiten. Google wird in keinem Fall Ihre IP-Adresse mit anderen Daten von Google in Verbindung bringen. Sie k\u00f6nnen die Installation der Cookies durch eine entsprechende Einstellung Ihrer Browser Software verhindern; wir weisen Sie jedoch darauf hin, dass Sie in diesem Fall gegebenenfalls nicht s\u00e4mtliche Funktionen dieser Website in vollem Umfang nutzen k\u00f6nnen. Durch die Nutzung dieser Website erkl\u00e4ren Sie sich mit der Bearbeitung der \u00fcber Sie erhobenen Daten durch Google in der zuvor beschriebenen Art und Weise und zu dem zuvor benannten Zweck einverstanden.<\/span><\/p>\n<p><span class=%22s1%22>Um die analytische Datensammlung durch Google Analytics zu deaktivieren, k\u00f6nnen Sie diesen Link verwenden: <a href=%22https:\/\/tools.google.com\/dlpage\/gaoptout%22><span class=%22s2%22>Browser-Add-on zur Deaktivierung von Google Analytics<\/span><\/a> .<\/span><\/p>\n<p>&#8220; content_last_edited=&#8220;on|phone&#8220; _builder_version=&#8220;4.27.3&#8243; _module_preset=&#8220;default&#8220; global_colors_info=&#8220;{}&#8220;]<\/p>\n<h3 class=\"main_title\">Impressum<\/h3>\n<p style=\"font-weight: 400;\"><strong>Medieninhaber, Herausgeber und Redaktion:<br \/><\/strong>CH COMMUNICATIONS\u00a0GmbH<\/p>\n<p style=\"font-weight: 400;\">Graben 12<br \/>1010 Wien, \u00d6sterreich<\/p>\n<p style=\"font-weight: 400;\">Tel.: +43-(0)664-5200344<br \/>Email:\u00a0<a href=\"mailto:office@ch-com.com%20\">office@ch-com.com<\/a><\/p>\n<p style=\"font-weight: 400;\"><strong>Firmenbuchnummer:<\/strong>\u00a0FN 330181 k<br \/><strong>Firmenbuchgericht<\/strong>: HG Wien<br \/><strong>Ust.-ID-Nr.:<\/strong>\u00a0ATU 65193444<br \/><strong>Beh\u00f6rde gem. ECG:<\/strong>\u00a0\u00d6rtlich zust\u00e4ndige Gewerbebeh\u00f6rde (Stadt Wien)<br \/><strong>Kammer:<\/strong>\u00a0Wirtschaftskammer Wien, FG Werbung und Marktkommunikation<strong> <br \/>Anwendbare Vorschriften:<\/strong>\u00a0\u00d6sterr. Gewerbeordnung (GewO)<br \/><strong>Gesch\u00e4ftsf\u00fchrer:<\/strong>\u00a0Sarah H\u00f6lzl<\/p>\n<p style=\"font-weight: 400;\">\u200b<strong>Bankverbindung:<\/strong> SALZBURGER SPARKASSE <br \/><strong>BIC:<\/strong> SBGSAT2SXXX<br \/><strong>IBAN:<\/strong> AT 75 2040 4000 4366 2287<\/p>\n<p style=\"font-weight: 400;\">OFFENLEGUNG gem. \u00a7 25 Mediengesetz<\/p>\n<p style=\"font-weight: 400;\"><strong>Medieninhaber:<\/strong><\/p>\n<p style=\"font-weight: 400;\">CH\u00a0COMMUNICATIONS GmbH<span>\u00a0\u00a0\u00a0\u00a0\u00a0\u00a0\u00a0\u00a0\u00a0\u00a0\u00a0\u00a0\u00a0\u00a0\u00a0\u00a0\u00a0\u00a0\u00a0\u00a0\u00a0\u00a0\u00a0\u00a0\u00a0\u00a0\u00a0\u00a0\u00a0\u00a0\u00a0\u00a0\u00a0\u00a0\u00a0\u00a0\u00a0\u00a0\u00a0\u00a0\u00a0\u00a0\u00a0\u00a0\u00a0\u00a0\u00a0\u00a0\u00a0\u00a0\u00a0\u00a0\u00a0\u00a0\u00a0\u00a0\u00a0\u00a0\u00a0\u00a0\u00a0\u00a0\u00a0\u00a0\u00a0\u00a0\u00a0\u00a0\u00a0\u00a0\u00a0\u00a0\u00a0\u00a0\u00a0\u00a0\u00a0\u00a0\u00a0\u00a0\u00a0\u00a0\u00a0\u00a0\u00a0\u00a0\u00a0\u00a0\u00a0\u00a0\u00a0\u00a0\u00a0\u00a0\u00a0\u00a0\u00a0\u00a0\u00a0\u00a0\u00a0\u00a0\u00a0\u00a0\u00a0\u00a0\u00a0\u00a0\u00a0\u00a0\u00a0\u00a0\u00a0\u00a0 <\/span><span>\u00a0\u00a0\u00a0\u00a0\u00a0\u00a0\u00a0\u00a0\u00a0\u00a0\u00a0\u00a0\u00a0\u00a0\u00a0\u00a0 <br \/><\/span>Graben 12<br \/>1010 Wien, \u00d6sterreich<\/p>\n<p style=\"font-weight: 400;\"><strong>\u200b\u200bUnternehmensgegenstand:<\/strong><br \/>Kommunikations- und Werbedienstleistungen, Webseitenerstellung, Corporate Publishing, Corporate Identity.<\/p>\n<p style=\"font-weight: 400;\">\u200b<strong>Grundlegende Richtung:<\/strong><br \/>Die Webseite www.ch-com.com\u00a0ist ein Internet-Portal zur Pr\u00e4sentation des<br \/>Medieninhabers sowie zur Information \u00fcber seinen T\u00e4tigkeitsbereich.<\/p>\n<p style=\"font-weight: 400;\">\n<p>[\/et_pb_text][\/et_pb_column][\/et_pb_row][\/et_pb_section]<\/p>\n","protected":false},"excerpt":{"rendered":"<p>Bitte beachten Sie unser Impressum und die Datenschutzbestimmungen. <\/p>\n","protected":false},"author":2,"featured_media":0,"parent":0,"menu_order":0,"comment_status":"closed","ping_status":"closed","template":"","meta":{"_et_pb_use_builder":"on","_et_pb_old_content":"","_et_gb_content_width":"","footnotes":""},"class_list":["post-51613","page","type-page","status-publish","hentry"],"_links":{"self":[{"href":"https:\/\/ch-com.com\/home\/wp-json\/wp\/v2\/pages\/51613","targetHints":{"allow":["GET"]}}],"collection":[{"href":"https:\/\/ch-com.com\/home\/wp-json\/wp\/v2\/pages"}],"about":[{"href":"https:\/\/ch-com.com\/home\/wp-json\/wp\/v2\/types\/page"}],"author":[{"embeddable":true,"href":"https:\/\/ch-com.com\/home\/wp-json\/wp\/v2\/users\/2"}],"replies":[{"embeddable":true,"href":"https:\/\/ch-com.com\/home\/wp-json\/wp\/v2\/comments?post=51613"}],"version-history":[{"count":21,"href":"https:\/\/ch-com.com\/home\/wp-json\/wp\/v2\/pages\/51613\/revisions"}],"predecessor-version":[{"id":51741,"href":"https:\/\/ch-com.com\/home\/wp-json\/wp\/v2\/pages\/51613\/revisions\/51741"}],"wp:attachment":[{"href":"https:\/\/ch-com.com\/home\/wp-json\/wp\/v2\/media?parent=51613"}],"curies":[{"name":"wp","href":"https:\/\/api.w.org\/{rel}","templated":true}]}}